{"id":163,"date":"2023-09-07T13:23:29","date_gmt":"2023-09-07T11:23:29","guid":{"rendered":"https:\/\/liraexpressions.com\/?page_id=163"},"modified":"2024-06-08T15:34:21","modified_gmt":"2024-06-08T13:34:21","slug":"proposta","status":"publish","type":"page","link":"https:\/\/liraexpressions.com\/?page_id=163","title":{"rendered":"origen"},"content":{"rendered":"\t\t<div data-elementor-type=\"wp-page\" data-elementor-id=\"163\" class=\"elementor elementor-163\">\n\t\t\t\t\t\t\t\t\t<section class=\"elementor-section elementor-top-section elementor-element elementor-element-d95aa8e elementor-section-boxed elementor-section-height-default elementor-section-height-default\" data-id=\"d95aa8e\" data-element_type=\"section\">\n\t\t\t\t\t\t<div class=\"elementor-container elementor-column-gap-default\">\n\t\t\t\t\t<div class=\"elementor-column elementor-col-50 elementor-top-column elementor-element elementor-element-8041fc7\" data-id=\"8041fc7\" data-element_type=\"column\">\n\t\t\t<div class=\"elementor-widget-wrap elementor-element-populated\">\n\t\t\t\t\t\t\t\t<div class=\"elementor-element elementor-element-467db41 elementor-widget__width-inherit elementor-widget-mobile__width-inherit elementor-widget elementor-widget-image\" data-id=\"467db41\" data-element_type=\"widget\" data-widget_type=\"image.default\">\n\t\t\t\t<div class=\"elementor-widget-container\">\n\t\t\t<style>\/*! elementor - v3.15.0 - 09-08-2023 *\/\n.elementor-widget-image{text-align:center}.elementor-widget-image a{display:inline-block}.elementor-widget-image a img[src$=\".svg\"]{width:48px}.elementor-widget-image img{vertical-align:middle;display:inline-block}<\/style>\t\t\t\t\t\t\t\t\t\t\t\t<img loading=\"lazy\" decoding=\"async\" width=\"711\" height=\"780\" src=\"https:\/\/liraexpressions.com\/wp-content\/uploads\/2023\/09\/montse-1.jpg\" class=\"attachment-1536x1536 size-1536x1536 wp-image-214\" alt=\"\" \/>\t\t\t\t\t\t\t\t\t\t\t\t\t\t\t<\/div>\n\t\t\t\t<\/div>\n\t\t\t\t<div class=\"elementor-element elementor-element-6dee0aa elementor-widget__width-inherit elementor-widget-mobile__width-inherit elementor-widget elementor-widget-image\" data-id=\"6dee0aa\" data-element_type=\"widget\" data-widget_type=\"image.default\">\n\t\t\t\t<div class=\"elementor-widget-container\">\n\t\t\t\t\t\t\t\t\t\t\t\t\t\t\t<img loading=\"lazy\" decoding=\"async\" width=\"724\" height=\"335\" src=\"https:\/\/liraexpressions.com\/wp-content\/uploads\/2024\/06\/montse-lletres.png\" class=\"attachment-1536x1536 size-1536x1536 wp-image-874\" alt=\"\" \/>\t\t\t\t\t\t\t\t\t\t\t\t\t\t\t<\/div>\n\t\t\t\t<\/div>\n\t\t\t\t<div class=\"elementor-element elementor-element-e87c0af elementor-widget__width-initial elementor-widget elementor-widget-heading\" data-id=\"e87c0af\" data-element_type=\"widget\" data-widget_type=\"heading.default\">\n\t\t\t\t<div class=\"elementor-widget-container\">\n\t\t\t<style>\/*! elementor - v3.15.0 - 09-08-2023 *\/\n.elementor-heading-title{padding:0;margin:0;line-height:1}.elementor-widget-heading .elementor-heading-title[class*=elementor-size-]>a{color:inherit;font-size:inherit;line-height:inherit}.elementor-widget-heading .elementor-heading-title.elementor-size-small{font-size:15px}.elementor-widget-heading .elementor-heading-title.elementor-size-medium{font-size:19px}.elementor-widget-heading .elementor-heading-title.elementor-size-large{font-size:29px}.elementor-widget-heading .elementor-heading-title.elementor-size-xl{font-size:39px}.elementor-widget-heading .elementor-heading-title.elementor-size-xxl{font-size:59px}<\/style><h2 class=\"elementor-heading-title elementor-size-default\">Des de ben petita ja dibuixava pl\u00e0nols i m\u2019agradava jugar amb l'espai, de manera que vaig decidir estudiar arquitectura a Barcelona. Per aquella \u00e8poca, tamb\u00e9 vaig treballar com a monitora i coordinadora de casals i col\u00f2nies d'estiu per a infants i adolescents, experi\u00e8ncia que recordo amb molt de gaudi i aprenentatge.<br><br>Un cop acabada la carrera, vaig marxar a viure a Buenos Aires (2010-2022) i vaig encarar la meva professi\u00f3 com arquitecta des d'una mirada m\u00e9s social, interessant-me en la desigualtat socio-urbana. Especialitzar-me com a urbanista i exercir com a professora en diferents universitats, m\u2019ha perm\u00e8s nodrir-me de coneixements i experi\u00e8ncies sobre com habitem i interactuem en el territori. \u00c9s per aix\u00f2, que em dedico a promoure una conviv\u00e8ncia m\u00e9s sostenible i inclusiva difuminant les barreres que ens posem entre nosaltres i en la societat.<br><br>Des de fa uns anys, que he comen\u00e7at un proc\u00e9s de canvis personals, cam\u00ed que m\u2019ha portat a formar-me com a coach ontol\u00f2gic (vessant del coaching llatinoameric\u00e0 de l\u2019escola de Chile que estudia a l\u2019\u00e9sser de manera complerta) i a crear el projecte LiRA. Ambd\u00f3s camins es centren en el creixement personal per a millorar el nostre benestar, tot q\u00fcestionant-nos com veiem el que ens rodeja i com estem sent amb el que ens passa.<\/h2>\t\t<\/div>\n\t\t\t\t<\/div>\n\t\t\t\t\t<\/div>\n\t\t<\/div>\n\t\t\t\t<div class=\"elementor-column elementor-col-50 elementor-top-column elementor-element elementor-element-d86a7cb\" data-id=\"d86a7cb\" data-element_type=\"column\">\n\t\t\t<div class=\"elementor-widget-wrap elementor-element-populated\">\n\t\t\t\t\t\t\t\t<div class=\"elementor-element elementor-element-e05c8c3 elementor-widget__width-inherit elementor-widget elementor-widget-image\" data-id=\"e05c8c3\" data-element_type=\"widget\" data-widget_type=\"image.default\">\n\t\t\t\t<div class=\"elementor-widget-container\">\n\t\t\t\t\t\t\t\t\t\t\t\t\t\t\t<img loading=\"lazy\" decoding=\"async\" width=\"2048\" height=\"2048\" src=\"https:\/\/liraexpressions.com\/wp-content\/uploads\/2023\/09\/imatge-lira-3-2048x2048.jpg\" class=\"attachment-2048x2048 size-2048x2048 wp-image-255\" alt=\"\" srcset=\"https:\/\/liraexpressions.com\/wp-content\/uploads\/2023\/09\/imatge-lira-3-2048x2048.jpg 2048w, https:\/\/liraexpressions.com\/wp-content\/uploads\/2023\/09\/imatge-lira-3-300x300.jpg 300w, https:\/\/liraexpressions.com\/wp-content\/uploads\/2023\/09\/imatge-lira-3-1024x1024.jpg 1024w, https:\/\/liraexpressions.com\/wp-content\/uploads\/2023\/09\/imatge-lira-3-150x150.jpg 150w, https:\/\/liraexpressions.com\/wp-content\/uploads\/2023\/09\/imatge-lira-3-768x768.jpg 768w, https:\/\/liraexpressions.com\/wp-content\/uploads\/2023\/09\/imatge-lira-3-1536x1536.jpg 1536w\" sizes=\"auto, (max-width: 2048px) 100vw, 2048px\" \/>\t\t\t\t\t\t\t\t\t\t\t\t\t\t\t<\/div>\n\t\t\t\t<\/div>\n\t\t\t\t<div class=\"elementor-element elementor-element-05b73c5 elementor-widget__width-inherit elementor-widget elementor-widget-image\" data-id=\"05b73c5\" data-element_type=\"widget\" data-widget_type=\"image.default\">\n\t\t\t\t<div class=\"elementor-widget-container\">\n\t\t\t\t\t\t\t\t\t\t\t\t\t\t\t<img loading=\"lazy\" decoding=\"async\" width=\"731\" height=\"451\" src=\"https:\/\/liraexpressions.com\/wp-content\/uploads\/2024\/06\/lira_lletres.jpg\" class=\"attachment-large size-large wp-image-868\" alt=\"\" \/>\t\t\t\t\t\t\t\t\t\t\t\t\t\t\t<\/div>\n\t\t\t\t<\/div>\n\t\t\t\t<div class=\"elementor-element elementor-element-631b55b elementor-widget__width-initial elementor-widget elementor-widget-heading\" data-id=\"631b55b\" data-element_type=\"widget\" data-widget_type=\"heading.default\">\n\t\t\t\t<div class=\"elementor-widget-container\">\n\t\t\t<h2 class=\"elementor-heading-title elementor-size-default\">El personatge de la LiRA representa el meu alter ego. Va n\u00e9ixer al 2020 a les rajoles de la meva llar de Buenos Aires i es va convertir en una afici\u00f3 di\u00e0ria. Vincula les meves principals passions (que tamb\u00e9 s\u00f3n les meves professions) de manera essencial: interacci\u00f3 art\u00edstica amb l\u2019espai, el creixement personal i la participaci\u00f3 social.<br><br>\nLa LiRA es tracta d'una expressi\u00f3 senzilla que interactua amb objectes quotidians d\u2019una manera diferent i divertida. Aquesta composici\u00f3 vol provocar un di\u00e0leg amb l\u2019observador\/a, \u00e9s a dir, l\u2019interpel\u00b7la directament tot fent-nos preguntes. Per tant, trenca amb la quarta paret i ens convida a reflexionar sobre el nostre entorn per a generar un vincle diferent amb el que ens envolta. <br><br>Les preguntes funcionen com a disparadors que ens volen provocar altres mirades sobre quelcom que donem per fet i que, potser, ni ens pensem que ho podem mirar diferent. La LiRA ens proposa fer una pausa tot revisant com ens expressem i ens incita a alliberar la curiositat i la imaginaci\u00f3 que caracteritza al nostre infant interior. Al cap i a la fi, qui millor que els infants per a fer preguntes innovadores?<br><br><\/h2>\t\t<\/div>\n\t\t\t\t<\/div>\n\t\t\t\t\t<\/div>\n\t\t<\/div>\n\t\t\t\t\t\t\t<\/div>\n\t\t<\/section>\n\t\t\t\t\t\t\t<\/div>\n\t\t","protected":false},"excerpt":{"rendered":"<p>Des de ben petita ja dibuixava pl\u00e0nols i m\u2019agradava jugar amb l&#8217;espai, de manera que vaig decidir estudiar arquitectura a Barcelona. Per aquella \u00e8poca, tamb\u00e9 vaig treballar com a monitora i coordinadora de casals i col\u00f2nies d&#8217;estiu per a infants i adolescents, experi\u00e8ncia que recordo amb molt de gaudi i aprenentatge. Un cop acabada la [&hellip;]<\/p>\n","protected":false},"author":1,"featured_media":0,"parent":0,"menu_order":0,"comment_status":"closed","ping_status":"closed","template":"","meta":{"footnotes":""},"class_list":["post-163","page","type-page","status-publish","hentry"],"_links":{"self":[{"href":"https:\/\/liraexpressions.com\/index.php?rest_route=\/wp\/v2\/pages\/163","targetHints":{"allow":["GET"]}}],"collection":[{"href":"https:\/\/liraexpressions.com\/index.php?rest_route=\/wp\/v2\/pages"}],"about":[{"href":"https:\/\/liraexpressions.com\/index.php?rest_route=\/wp\/v2\/types\/page"}],"author":[{"embeddable":true,"href":"https:\/\/liraexpressions.com\/index.php?rest_route=\/wp\/v2\/users\/1"}],"replies":[{"embeddable":true,"href":"https:\/\/liraexpressions.com\/index.php?rest_route=%2Fwp%2Fv2%2Fcomments&post=163"}],"version-history":[{"count":103,"href":"https:\/\/liraexpressions.com\/index.php?rest_route=\/wp\/v2\/pages\/163\/revisions"}],"predecessor-version":[{"id":914,"href":"https:\/\/liraexpressions.com\/index.php?rest_route=\/wp\/v2\/pages\/163\/revisions\/914"}],"wp:attachment":[{"href":"https:\/\/liraexpressions.com\/index.php?rest_route=%2Fwp%2Fv2%2Fmedia&parent=163"}],"curies":[{"name":"wp","href":"https:\/\/api.w.org\/{rel}","templated":true}]}}